{"id":11522,"date":"2021-09-01T09:41:16","date_gmt":"2021-09-01T09:41:16","guid":{"rendered":"http:\/\/ipatc-ks.com\/?page_id=11522"},"modified":"2021-12-03T08:50:13","modified_gmt":"2021-12-03T08:50:13","slug":"eipass-7-module","status":"publish","type":"page","link":"https:\/\/ipatc-ks.com\/?page_id=11522","title":{"rendered":"EIPASS 7 Module"},"content":{"rendered":"<h2>EIPASS 7 Module<\/h2>\n<p>EIPASS 7 Moduli \u00ebsht\u00eb \u00e7ertifikata profesionale q\u00eb \u00e7ertifikon zot\u00ebrimin e kompetencave informatike baz\u00eb, t\u00eb t\u00ebrthorta dhe t\u00eb domosdoshme p\u00ebr:<\/p>\n<ul>\n<li>Kualifikimin e curriculum vitae<\/li>\n<li>Shfryt\u00ebzimin e krediteve formuese n\u00eb shkoll\u00eb dhe n\u00eb universitet<\/li>\n<li>Shfryt\u00ebzimin e njohjes s\u00eb pik\u00ebve n\u00eb konkurse dhe n\u00eb thirrjet e ndryshme<\/li>\n<li>Futja, aksesi n\u00eb bot\u00ebn e pun\u00ebs<\/li>\n<\/ul>\n<div class=\"description clearfix style-1\">\n<p><span class=\"responsive\"><img decoding=\"async\" class=\"alignleft size-full wp-image-67913\" src=\"http:\/\/it.eipass.com\/wp-content\/uploads\/2013\/04\/agenda_digitale.png\" alt=\"agenda_digitale\"><\/span><\/p>\n<ul>\n<li>Deri n\u00eb 2015, 90% e pun\u00ebve n\u00eb t\u00eb gjith\u00eb sektor\u00ebt do t\u00eb k\u00ebrkojn\u00eb kompetenca teknologjike (<a href=\"http:\/\/eur-lex.europa.eu\/LexUriServ\/LexUriServ.do?uri=COM:2010:0245:FIN:IT:HTML\" target=\"_blank\" rel=\"noopener\">Axhenda Dixhitale Evropiane<\/a>).<\/li>\n<li>N\u00eb t\u00eb nj\u00ebjt\u00ebn koh\u00eb, p\u00ebr Neelie Kroes (Zv. Presidente e Komisionit Evropian) nj\u00eb nevoj\u00eb n\u00eb rritje p\u00ebr profesionist\u00ebt e TIK n\u00eb Evrop\u00eb do t\u00eb gjeneroj\u00eb nj\u00eb defi\u00e7it prej 700.000 profesionist\u00ebsh.<\/li>\n<li>Forca e pun\u00ebs TIK \u00ebsht\u00eb rritur n\u00eb m\u00ebnyr\u00eb konstante n\u00eb UE-27, pothuajse e dyfishuar nga 2000 (2.720.000) n\u00eb 2010 (4.144.500).<\/li>\n<li>Sipas vler\u00ebsimit t\u00eb implementimit t\u00eb komunikimit t\u00eb European Commission Skills p\u00ebr shekullin e 21-t\u00eb t\u00eb 2010, 58% e pun\u00ebdh\u00ebnsve beson q\u00eb sektori i arsimit nuk po b\u00ebn mjaftuesh\u00ebm n\u00eb p\u00ebrgatitjen e t\u00eb rinjve p\u00ebr tregun modern t\u00eb pun\u00ebs.<\/li>\n<li>Kompetencat informatike jan\u00eb t\u00eb nevojshme n\u00eb t\u00eb gjith\u00eb sektor\u00ebt ekonomik\u00eb: q\u00eb n\u00eb 2007 pjesa m\u00eb e madhe e profesionist\u00ebve TIK n\u00eb Evrop\u00eb punonte n\u00eb industri t\u00eb ndryshme nga ato t\u00eb sektorit t\u00eb IT-s\u00eb: m\u00eb pak se gjysma (46%) ishte e pun\u00ebsuar n\u00eb industrin\u00eb e TIK.<\/li>\n<\/ul>\n<\/div>\n<p>Nj\u00ebkoh\u00ebsisht me indikacionet e dh\u00ebna n\u00eb fush\u00ebn e \u00e7ertifikimeve TIK nga organet legjislative nd\u00ebrkomb\u00ebtare, programi pasqyron n\u00eb m\u00ebnyr\u00eb t\u00eb plot\u00eb kriteret e nd\u00ebrveprimit dhe neutralitetit t\u00eb k\u00ebrkuar p\u00ebr t\u00eb garantuar efikasitetin e \u00e7ertifikatave dhe t\u00eb kompetencave t\u00eb p\u00ebrfituara.<\/p>\n<p>EIPASS 7 Moduli parashikon argumentat e provimit:<\/p>\n<ul>\n<li>Bazat e IT-s\u00eb<\/li>\n<li>Menaxhimi dhe funksionet baz\u00eb t\u00eb sistemit operativ<\/li>\n<li>Videoshkrimi<\/li>\n<li>Fleta elektronike<\/li>\n<li>Menaxhimi i t\u00eb dh\u00ebnave t\u00eb strukturuara<\/li>\n<li>Prezantimet multimediale<\/li>\n<li>Internet &amp; Networking<\/li>\n<\/ul>\n<p>EIPASS 7 Moduli \u00ebsht\u00eb nj\u00eb mjet n\u00eb linj\u00eb me indikacionet e&nbsp;<a href=\"http:\/\/www.indire.it\/db\/docsrv\/PDF\/raccomandazione_europea.pdf\">Rekomandimit<\/a>&nbsp;t\u00eb Parlamentit Evropian dhe t\u00eb K\u00ebshillit t\u00eb 18 dhjetor-it 2006.<\/p>\n<p>Formimi i p\u00ebrhersh\u00ebm (LifeLong Learning) \u00ebsht\u00eb nj\u00eb bosht i sistemit formues t\u00eb projektuar dhe t\u00eb parashikuar p\u00ebr qytetarin dixhital evropian.<\/p>\n<p>Njohurit\u00eb baz\u00eb (alfabetizimi), formimi cil\u00ebsor dhe njohja e mjeteve teknologjike jan\u00eb supozuar p\u00ebr aktivizimin e nj\u00eb rrethi virtuoz q\u00eb i lejon qytetarit dixhital t\u00eb p\u00ebrfitoj\u00eb t\u00eb gjitha karakteristikat q\u00eb e b\u00ebjn\u00eb konkurues dhe t\u00eb pavarur.<\/p>\n<p>Formimi i p\u00ebrhersh\u00ebm i bashkohet k\u00ebtij pro\u00e7esi p\u00ebr t\u00eb mb\u00ebshtetur n\u00eb koh\u00eb azhornimin e rritjes s\u00eb aft\u00ebsive dhe kompetencave t\u00eb nevojshme p\u00ebr t\u00eb pasur gjithmon\u00eb mund\u00ebsi sa m\u00eb t\u00eb m\u00ebdha dhe m\u00eb t\u00eb mira n\u00eb bot\u00ebn e njohjeve shoq\u00ebrore dhe p\u00ebrsa i p\u00ebrket lidhjeve dhe njohjeve n\u00eb pun\u00eb.<\/p>\n<p><a class=\"butonikurse\" href=\"http:\/\/ipatc-ks.com\/wp-content\/uploads\/2021\/12\/Programi-analitik-EIPASS-7-Module.pdf\">Pogrami i Plot\u00eb<\/a><\/p>\n","protected":false},"excerpt":{"rendered":"<p>EIPASS 7 Module EIPASS 7 Moduli \u00ebsht\u00eb \u00e7ertifikata profesionale q\u00eb \u00e7ertifikon zot\u00ebrimin e kompetencave informatike baz\u00eb, t\u00eb t\u00ebrthorta dhe t\u00eb domosdoshme p\u00ebr: Kualifikimin e curriculum vitae Shfryt\u00ebzimin e krediteve formuese n\u00eb shkoll\u00eb dhe n\u00eb universitet Shfryt\u00ebzimin e njohjes s\u00eb pik\u00ebve &hellip; <\/p>\n","protected":false},"author":1,"featured_media":0,"parent":0,"menu_order":0,"comment_status":"closed","ping_status":"closed","template":"","meta":{"_bbp_topic_count":0,"_bbp_reply_count":0,"_bbp_total_topic_count":0,"_bbp_total_reply_count":0,"_bbp_voice_count":0,"_bbp_anonymous_reply_count":0,"_bbp_topic_count_hidden":0,"_bbp_reply_count_hidden":0,"_bbp_forum_subforum_count":0,"om_disable_all_campaigns":false,"pmpro_default_level":0,"_monsterinsights_skip_tracking":false,"_monsterinsights_sitenote_active":false,"_monsterinsights_sitenote_note":"","_monsterinsights_sitenote_category":0},"_links":{"self":[{"href":"https:\/\/ipatc-ks.com\/index.php?rest_route=\/wp\/v2\/pages\/11522"}],"collection":[{"href":"https:\/\/ipatc-ks.com\/index.php?rest_route=\/wp\/v2\/pages"}],"about":[{"href":"https:\/\/ipatc-ks.com\/index.php?rest_route=\/wp\/v2\/types\/page"}],"author":[{"embeddable":true,"href":"https:\/\/ipatc-ks.com\/index.php?rest_route=\/wp\/v2\/users\/1"}],"replies":[{"embeddable":true,"href":"https:\/\/ipatc-ks.com\/index.php?rest_route=%2Fwp%2Fv2%2Fcomments&post=11522"}],"version-history":[{"count":3,"href":"https:\/\/ipatc-ks.com\/index.php?rest_route=\/wp\/v2\/pages\/11522\/revisions"}],"predecessor-version":[{"id":11915,"href":"https:\/\/ipatc-ks.com\/index.php?rest_route=\/wp\/v2\/pages\/11522\/revisions\/11915"}],"wp:attachment":[{"href":"https:\/\/ipatc-ks.com\/index.php?rest_route=%2Fwp%2Fv2%2Fmedia&parent=11522"}],"curies":[{"name":"wp","href":"https:\/\/api.w.org\/{rel}","templated":true}]}}